{"id":1469,"date":"2019-03-02T08:04:39","date_gmt":"2019-03-02T07:04:39","guid":{"rendered":"http:\/\/pixelworker.com\/wordpress\/?post_type=avada_portfolio&#038;p=1469"},"modified":"2024-03-20T22:30:46","modified_gmt":"2024-03-20T21:30:46","slug":"die-steiermark-in-bildern","status":"publish","type":"avada_portfolio","link":"http:\/\/pixelworker.com\/wordpress\/portfolio-items\/die-steiermark-in-bildern\/","title":{"rendered":"die Steiermark in Bildern"},"content":{"rendered":"<p><div class=\"fusion-fullwidth fullwidth-box fusion-builder-row-1 nonhundred-percent-fullwidth non-hundred-percent-height-scrolling\" style=\"--awb-border-radius-top-left:0px;--awb-border-radius-top-right:0px;--awb-border-radius-bottom-right:0px;--awb-border-radius-bottom-left:0px;\" ><div class=\"fusion-builder-row fusion-row\"><div class=\"fusion-layout-column fusion_builder_column fusion-builder-column-0 fusion_builder_column_1_1 1_1 fusion-one-full fusion-column-first fusion-column-last\" style=\"--awb-bg-size:cover;--awb-margin-bottom:0px;\"><div class=\"fusion-column-wrapper fusion-flex-column-wrapper-legacy\"><div class=\"fusion-image-element fusion-image-align-center in-legacy-container\" style=\"text-align:center;--awb-caption-title-size:var(--h2_typography-font-size);--awb-caption-title-transform:var(--h2_typography-text-transform);--awb-caption-title-line-height:var(--h2_typography-line-height);--awb-caption-title-letter-spacing:var(--h2_typography-letter-spacing);\"><div class=\"imageframe-align-center\"><span class=\" fusion-imageframe imageframe-none imageframe-1 hover-type-none\"><img decoding=\"async\" width=\"72\" height=\"72\" title=\"Steiermark\" src=\"http:\/\/pixelworker.com\/wordpress\/wp-content\/uploads\/2019\/03\/symbol_stmk.png\" alt class=\"img-responsive wp-image-1928\"\/><\/span><\/div><\/div><div class=\"fusion-sep-clear\"><\/div><div class=\"fusion-separator fusion-full-width-sep\" style=\"margin-left: auto;margin-right: auto;margin-top:7px;width:100%;\"><\/div><div class=\"fusion-sep-clear\"><\/div><div class=\"fusion-text fusion-text-1\"><h2 style=\"text-align: center;\">die Steiermark in Bildern<\/h2>\n<\/div><div class=\"fusion-sep-clear\"><\/div><div class=\"fusion-separator fusion-full-width-sep\" style=\"margin-left: auto;margin-right: auto;margin-top:30px;width:100%;\"><\/div><div class=\"fusion-sep-clear\"><\/div><div class=\"fusion-clearfix\"><\/div><\/div><\/div><\/div><\/div><div class=\"fusion-fullwidth fullwidth-box fusion-builder-row-2 nonhundred-percent-fullwidth non-hundred-percent-height-scrolling\" style=\"--awb-border-radius-top-left:0px;--awb-border-radius-top-right:0px;--awb-border-radius-bottom-right:0px;--awb-border-radius-bottom-left:0px;\" ><div class=\"fusion-builder-row fusion-row\"><div class=\"fusion-layout-column fusion_builder_column fusion-builder-column-1 fusion_builder_column_1_1 1_1 fusion-one-full fusion-column-first fusion-column-last\" style=\"--awb-bg-size:cover;\"><div class=\"fusion-column-wrapper fusion-flex-column-wrapper-legacy\"><div class=\"awb-gallery-wrapper awb-gallery-wrapper-1 button-span-no\" style=\"--more-btn-alignment:center;\"><div style=\"margin:-5px;--awb-bordersize:0px;\" class=\"fusion-gallery fusion-gallery-container fusion-grid-3 fusion-columns-total-36 fusion-gallery-layout-grid fusion-gallery-1\"><div style=\"padding:5px;\" class=\"fusion-grid-column fusion-gallery-column fusion-gallery-column-3 hover-type-none\"><div class=\"fusion-gallery-image\"><a href=\"http:\/\/pixelworker.com\/wordpress\/wp-content\/uploads\/2022\/04\/c_regine_schoettl_graz_bei_nacht_4290_.jpg\" data-caption=\"Graz bei Nacht vom Schlossberg aus, Weihnachten 21\" rel=\"noreferrer\" data-rel=\"iLightbox[gallery_image_1]\" class=\"fusion-lightbox\" target=\"_self\"><img decoding=\"async\" src=\"http:\/\/pixelworker.com\/wordpress\/wp-content\/uploads\/2022\/04\/c_regine_schoettl_graz_bei_nacht_4290_.jpg\" width=\"1500\" height=\"1000\" alt=\"Graz bei Nacht vom Schlossberg aus, Weihnachten 21\" title=\"Graz bei Nacht vom Schlossberg aus, Weihnachten 21\" aria-label=\"Graz bei Nacht vom Schlossberg aus, Weihnachten 21\" class=\"img-responsive wp-image-2113\" srcset=\"http:\/\/pixelworker.com\/wordpress\/wp-content\/uploads\/2022\/04\/c_regine_schoettl_graz_bei_nacht_4290_-200x133.jpg 200w, http:\/\/pixelworker.com\/wordpress\/wp-content\/uploads\/2022\/04\/c_regine_schoettl_graz_bei_nacht_4290_-400x267.jpg 400w, http:\/\/pixelworker.com\/wordpress\/wp-content\/uploads\/2022\/04\/c_regine_schoettl_graz_bei_nacht_4290_-600x400.jpg 600w, http:\/\/pixelworker.com\/wordpress\/wp-content\/uploads\/2022\/04\/c_regine_schoettl_graz_bei_nacht_4290_-800x533.jpg 800w, http:\/\/pixelworker.com\/wordpress\/wp-content\/uploads\/2022\/04\/c_regine_schoettl_graz_bei_nacht_4290_-1200x800.jpg 1200w, http:\/\/pixelworker.com\/wordpress\/wp-content\/uploads\/2022\/04\/c_regine_schoettl_graz_bei_nacht_4290_.jpg 1500w\" sizes=\"(min-width: 2200px) 100vw, (min-width: 784px) 430px, (min-width: 712px) 645px, (min-width: 640px) 712px, \" \/><\/a><\/div><\/div><div style=\"padding:5px;\" class=\"fusion-grid-column fusion-gallery-column fusion-gallery-column-3 hover-type-none\"><div class=\"fusion-gallery-image\"><a href=\"http:\/\/pixelworker.com\/wordpress\/wp-content\/uploads\/2019\/03\/c_regine_schoettl_0404-2.jpg\" data-caption=\"Tropfsteinh\u00f6hle Katerloch, Weiz\" rel=\"noreferrer\" data-rel=\"iLightbox[gallery_image_1]\" class=\"fusion-lightbox\" target=\"_self\"><img decoding=\"async\" src=\"http:\/\/pixelworker.com\/wordpress\/wp-content\/uploads\/2019\/03\/c_regine_schoettl_0404-2.jpg\" width=\"1402\" height=\"1500\" alt=\"Tropfsteinh\u00f6hle Katerloch, Weiz\" title=\"Tropfsteinh\u00f6hle Katerloch, Weiz\" aria-label=\"Tropfsteinh\u00f6hle Katerloch, Weiz\" class=\"img-responsive wp-image-1937\" srcset=\"http:\/\/pixelworker.com\/wordpress\/wp-content\/uploads\/2019\/03\/c_regine_schoettl_0404-2-200x214.jpg 200w, http:\/\/pixelworker.com\/wordpress\/wp-content\/uploads\/2019\/03\/c_regine_schoettl_0404-2-400x428.jpg 400w, http:\/\/pixelworker.com\/wordpress\/wp-content\/uploads\/2019\/03\/c_regine_schoettl_0404-2-600x642.jpg 600w, http:\/\/pixelworker.com\/wordpress\/wp-content\/uploads\/2019\/03\/c_regine_schoettl_0404-2-800x856.jpg 800w, http:\/\/pixelworker.com\/wordpress\/wp-content\/uploads\/2019\/03\/c_regine_schoettl_0404-2-1200x1284.jpg 1200w, http:\/\/pixelworker.com\/wordpress\/wp-content\/uploads\/2019\/03\/c_regine_schoettl_0404-2.jpg 1402w\" sizes=\"(min-width: 2200px) 100vw, (min-width: 784px) 430px, (min-width: 712px) 645px, (min-width: 640px) 712px, \" \/><\/a><\/div><\/div><div style=\"padding:5px;\" class=\"fusion-grid-column fusion-gallery-column fusion-gallery-column-3 hover-type-none\"><div class=\"fusion-gallery-image\"><a href=\"http:\/\/pixelworker.com\/wordpress\/wp-content\/uploads\/2020\/12\/c_regine_schoettl_schoeckl.jpg\" rel=\"noreferrer\" data-rel=\"iLightbox[gallery_image_1]\" class=\"fusion-lightbox\" target=\"_self\"><img decoding=\"async\" src=\"http:\/\/pixelworker.com\/wordpress\/wp-content\/uploads\/2020\/12\/c_regine_schoettl_schoeckl.jpg\" width=\"2000\" height=\"1333\" alt=\"Sonnenaufgang am Sch\u00f6ckl\" title=\"Sonnenaufgang am Sch\u00f6ckl\" aria-label=\"Sonnenaufgang am Sch\u00f6ckl\" class=\"img-responsive wp-image-2082\" srcset=\"http:\/\/pixelworker.com\/wordpress\/wp-content\/uploads\/2020\/12\/c_regine_schoettl_schoeckl-200x133.jpg 200w, http:\/\/pixelworker.com\/wordpress\/wp-content\/uploads\/2020\/12\/c_regine_schoettl_schoeckl-400x267.jpg 400w, http:\/\/pixelworker.com\/wordpress\/wp-content\/uploads\/2020\/12\/c_regine_schoettl_schoeckl-600x400.jpg 600w, http:\/\/pixelworker.com\/wordpress\/wp-content\/uploads\/2020\/12\/c_regine_schoettl_schoeckl-800x533.jpg 800w, http:\/\/pixelworker.com\/wordpress\/wp-content\/uploads\/2020\/12\/c_regine_schoettl_schoeckl-1200x800.jpg 1200w, http:\/\/pixelworker.com\/wordpress\/wp-content\/uploads\/2020\/12\/c_regine_schoettl_schoeckl.jpg 2000w\" sizes=\"(min-width: 2200px) 100vw, (min-width: 784px) 430px, (min-width: 712px) 645px, (min-width: 640px) 712px, \" \/><\/a><\/div><\/div><div class=\"clearfix\"><\/div><div style=\"padding:5px;\" class=\"fusion-grid-column fusion-gallery-column fusion-gallery-column-3 hover-type-none\"><div class=\"fusion-gallery-image\"><a href=\"http:\/\/pixelworker.com\/wordpress\/wp-content\/uploads\/2020\/12\/c_regine_schoettl_hauptplatz_graz.jpg\" data-caption=\"Hauptplatz Graz\" rel=\"noreferrer\" data-rel=\"iLightbox[gallery_image_1]\" class=\"fusion-lightbox\" target=\"_self\"><img decoding=\"async\" src=\"http:\/\/pixelworker.com\/wordpress\/wp-content\/uploads\/2020\/12\/c_regine_schoettl_hauptplatz_graz.jpg\" width=\"2000\" height=\"1067\" alt=\"Hauptplatz Graz f\u00fcr 9 Pl\u00e4tze - 9 Sch\u00e4tze, Graz\" title=\"Hauptplatz Graz\" aria-label=\"Hauptplatz Graz\" class=\"img-responsive wp-image-2081\" srcset=\"http:\/\/pixelworker.com\/wordpress\/wp-content\/uploads\/2020\/12\/c_regine_schoettl_hauptplatz_graz-200x107.jpg 200w, http:\/\/pixelworker.com\/wordpress\/wp-content\/uploads\/2020\/12\/c_regine_schoettl_hauptplatz_graz-400x213.jpg 400w, http:\/\/pixelworker.com\/wordpress\/wp-content\/uploads\/2020\/12\/c_regine_schoettl_hauptplatz_graz-600x320.jpg 600w, http:\/\/pixelworker.com\/wordpress\/wp-content\/uploads\/2020\/12\/c_regine_schoettl_hauptplatz_graz-800x427.jpg 800w, http:\/\/pixelworker.com\/wordpress\/wp-content\/uploads\/2020\/12\/c_regine_schoettl_hauptplatz_graz-1200x640.jpg 1200w, http:\/\/pixelworker.com\/wordpress\/wp-content\/uploads\/2020\/12\/c_regine_schoettl_hauptplatz_graz.jpg 2000w\" sizes=\"(min-width: 2200px) 100vw, (min-width: 784px) 430px, (min-width: 712px) 645px, (min-width: 640px) 712px, \" \/><\/a><\/div><\/div><div style=\"padding:5px;\" class=\"fusion-grid-column fusion-gallery-column fusion-gallery-column-3 hover-type-none\"><div class=\"fusion-gallery-image\"><a href=\"http:\/\/pixelworker.com\/wordpress\/wp-content\/uploads\/2020\/12\/c_regine_schoettl_1139.jpg\" rel=\"noreferrer\" data-rel=\"iLightbox[gallery_image_1]\" class=\"fusion-lightbox\" target=\"_self\"><img decoding=\"async\" src=\"http:\/\/pixelworker.com\/wordpress\/wp-content\/uploads\/2020\/12\/c_regine_schoettl_1139.jpg\" width=\"2000\" height=\"981\" alt=\"Teufelstein f\u00fcr 9 Pl\u00e4tze - 9 Sch\u00e4tze, ORF\" title=\"Teufelstein f\u00fcr 9 Pl\u00e4tze &#8211; 9 Sch\u00e4tze, ORF\" aria-label=\"Teufelstein f\u00fcr 9 Pl\u00e4tze &#8211; 9 Sch\u00e4tze, ORF\" class=\"img-responsive wp-image-2079\" srcset=\"http:\/\/pixelworker.com\/wordpress\/wp-content\/uploads\/2020\/12\/c_regine_schoettl_1139-200x98.jpg 200w, http:\/\/pixelworker.com\/wordpress\/wp-content\/uploads\/2020\/12\/c_regine_schoettl_1139-400x196.jpg 400w, http:\/\/pixelworker.com\/wordpress\/wp-content\/uploads\/2020\/12\/c_regine_schoettl_1139-600x294.jpg 600w, http:\/\/pixelworker.com\/wordpress\/wp-content\/uploads\/2020\/12\/c_regine_schoettl_1139-800x392.jpg 800w, http:\/\/pixelworker.com\/wordpress\/wp-content\/uploads\/2020\/12\/c_regine_schoettl_1139-1200x589.jpg 1200w, http:\/\/pixelworker.com\/wordpress\/wp-content\/uploads\/2020\/12\/c_regine_schoettl_1139.jpg 2000w\" sizes=\"(min-width: 2200px) 100vw, (min-width: 784px) 430px, (min-width: 712px) 645px, (min-width: 640px) 712px, \" \/><\/a><\/div><\/div><div style=\"padding:5px;\" class=\"fusion-grid-column fusion-gallery-column fusion-gallery-column-3 hover-type-none\"><div class=\"fusion-gallery-image\"><a href=\"http:\/\/pixelworker.com\/wordpress\/wp-content\/uploads\/2019\/03\/c_regine_schoettl_sporgasse.jpg\" data-caption=\"Sporgasse, Graz\" rel=\"noreferrer\" data-rel=\"iLightbox[gallery_image_1]\" class=\"fusion-lightbox\" target=\"_self\"><img decoding=\"async\" src=\"http:\/\/pixelworker.com\/wordpress\/wp-content\/uploads\/2019\/03\/c_regine_schoettl_sporgasse.jpg\" width=\"1500\" height=\"1606\" alt=\"Sporgasse, Graz\" title=\"Sporgasse, Graz\" aria-label=\"Sporgasse, Graz\" class=\"img-responsive wp-image-2050\" srcset=\"http:\/\/pixelworker.com\/wordpress\/wp-content\/uploads\/2019\/03\/c_regine_schoettl_sporgasse-200x214.jpg 200w, http:\/\/pixelworker.com\/wordpress\/wp-content\/uploads\/2019\/03\/c_regine_schoettl_sporgasse-400x428.jpg 400w, http:\/\/pixelworker.com\/wordpress\/wp-content\/uploads\/2019\/03\/c_regine_schoettl_sporgasse-600x642.jpg 600w, http:\/\/pixelworker.com\/wordpress\/wp-content\/uploads\/2019\/03\/c_regine_schoettl_sporgasse-800x857.jpg 800w, http:\/\/pixelworker.com\/wordpress\/wp-content\/uploads\/2019\/03\/c_regine_schoettl_sporgasse-1200x1285.jpg 1200w, http:\/\/pixelworker.com\/wordpress\/wp-content\/uploads\/2019\/03\/c_regine_schoettl_sporgasse.jpg 1500w\" sizes=\"(min-width: 2200px) 100vw, (min-width: 784px) 430px, (min-width: 712px) 645px, (min-width: 640px) 712px, \" \/><\/a><\/div><\/div><div class=\"clearfix\"><\/div><div style=\"padding:5px;\" class=\"fusion-grid-column fusion-gallery-column fusion-gallery-column-3 hover-type-none\"><div class=\"fusion-gallery-image\"><a href=\"http:\/\/pixelworker.com\/wordpress\/wp-content\/uploads\/2020\/12\/c_regine_schoettl_sonnenaufgang_schoeckl_graz.jpg\" data-caption=\"Sonnenaufgang am Sch\u00f6ckl mit Blick auf Graz\" rel=\"noreferrer\" data-rel=\"iLightbox[gallery_image_1]\" class=\"fusion-lightbox\" target=\"_self\"><img decoding=\"async\" src=\"http:\/\/pixelworker.com\/wordpress\/wp-content\/uploads\/2020\/12\/c_regine_schoettl_sonnenaufgang_schoeckl_graz.jpg\" width=\"2000\" height=\"1333\" alt=\"Sonnenaufgang am Sch\u00f6ckl mit Blick auf Graz\" title=\"Sonnenaufgang am Sch\u00f6ckl mit Blick auf Graz\" aria-label=\"Sonnenaufgang am Sch\u00f6ckl mit Blick auf Graz\" class=\"img-responsive wp-image-2083\" srcset=\"http:\/\/pixelworker.com\/wordpress\/wp-content\/uploads\/2020\/12\/c_regine_schoettl_sonnenaufgang_schoeckl_graz-200x133.jpg 200w, http:\/\/pixelworker.com\/wordpress\/wp-content\/uploads\/2020\/12\/c_regine_schoettl_sonnenaufgang_schoeckl_graz-400x267.jpg 400w, http:\/\/pixelworker.com\/wordpress\/wp-content\/uploads\/2020\/12\/c_regine_schoettl_sonnenaufgang_schoeckl_graz-600x400.jpg 600w, http:\/\/pixelworker.com\/wordpress\/wp-content\/uploads\/2020\/12\/c_regine_schoettl_sonnenaufgang_schoeckl_graz-800x533.jpg 800w, http:\/\/pixelworker.com\/wordpress\/wp-content\/uploads\/2020\/12\/c_regine_schoettl_sonnenaufgang_schoeckl_graz-1200x800.jpg 1200w, http:\/\/pixelworker.com\/wordpress\/wp-content\/uploads\/2020\/12\/c_regine_schoettl_sonnenaufgang_schoeckl_graz.jpg 2000w\" sizes=\"(min-width: 2200px) 100vw, (min-width: 784px) 430px, (min-width: 712px) 645px, (min-width: 640px) 712px, \" \/><\/a><\/div><\/div><div style=\"padding:5px;\" class=\"fusion-grid-column fusion-gallery-column fusion-gallery-column-3 hover-type-none\"><div class=\"fusion-gallery-image\"><a href=\"http:\/\/pixelworker.com\/wordpress\/wp-content\/uploads\/2019\/03\/c_regine_schoettl_2701.jpg\" rel=\"noreferrer\" data-rel=\"iLightbox[gallery_image_1]\" class=\"fusion-lightbox\" target=\"_self\"><img decoding=\"async\" src=\"http:\/\/pixelworker.com\/wordpress\/wp-content\/uploads\/2019\/03\/c_regine_schoettl_2701.jpg\" width=\"685\" height=\"1500\" alt=\"Murinsel Graz\" title=\"Murinsel Graz\" aria-label=\"Murinsel Graz\" class=\"img-responsive wp-image-1945\" srcset=\"http:\/\/pixelworker.com\/wordpress\/wp-content\/uploads\/2019\/03\/c_regine_schoettl_2701-200x438.jpg 200w, http:\/\/pixelworker.com\/wordpress\/wp-content\/uploads\/2019\/03\/c_regine_schoettl_2701-400x876.jpg 400w, http:\/\/pixelworker.com\/wordpress\/wp-content\/uploads\/2019\/03\/c_regine_schoettl_2701-600x1314.jpg 600w, http:\/\/pixelworker.com\/wordpress\/wp-content\/uploads\/2019\/03\/c_regine_schoettl_2701.jpg 685w\" sizes=\"(min-width: 2200px) 100vw, (min-width: 784px) 430px, (min-width: 712px) 645px, (min-width: 640px) 712px, \" \/><\/a><\/div><\/div><div style=\"padding:5px;\" class=\"fusion-grid-column fusion-gallery-column fusion-gallery-column-3 hover-type-none\"><div class=\"fusion-gallery-image\"><a href=\"http:\/\/pixelworker.com\/wordpress\/wp-content\/uploads\/2019\/03\/c_regine_schoettl_1783.jpg\" data-caption=\"Lipizzaner auf der Brendlalm\" rel=\"noreferrer\" data-rel=\"iLightbox[gallery_image_1]\" class=\"fusion-lightbox\" target=\"_self\"><img decoding=\"async\" src=\"http:\/\/pixelworker.com\/wordpress\/wp-content\/uploads\/2019\/03\/c_regine_schoettl_1783.jpg\" width=\"1185\" height=\"1500\" alt=\"Lipizzaner auf der Brendlalm\" title=\"Lipizzaner auf der Brendlalm\" aria-label=\"Lipizzaner auf der Brendlalm\" class=\"img-responsive wp-image-1943\" srcset=\"http:\/\/pixelworker.com\/wordpress\/wp-content\/uploads\/2019\/03\/c_regine_schoettl_1783-200x253.jpg 200w, http:\/\/pixelworker.com\/wordpress\/wp-content\/uploads\/2019\/03\/c_regine_schoettl_1783-400x506.jpg 400w, http:\/\/pixelworker.com\/wordpress\/wp-content\/uploads\/2019\/03\/c_regine_schoettl_1783-600x759.jpg 600w, http:\/\/pixelworker.com\/wordpress\/wp-content\/uploads\/2019\/03\/c_regine_schoettl_1783-800x1013.jpg 800w, http:\/\/pixelworker.com\/wordpress\/wp-content\/uploads\/2019\/03\/c_regine_schoettl_1783.jpg 1185w\" sizes=\"(min-width: 2200px) 100vw, (min-width: 784px) 430px, (min-width: 712px) 645px, (min-width: 640px) 712px, \" \/><\/a><\/div><\/div><div class=\"clearfix\"><\/div><div style=\"padding:5px;\" class=\"fusion-grid-column fusion-gallery-column fusion-gallery-column-3 hover-type-none\"><div class=\"fusion-gallery-image\"><a href=\"http:\/\/pixelworker.com\/wordpress\/wp-content\/uploads\/2019\/03\/c_regine_schoettl_6408.jpg\" data-caption=\"Joanneum Graz\" rel=\"noreferrer\" data-rel=\"iLightbox[gallery_image_1]\" class=\"fusion-lightbox\" target=\"_self\"><img decoding=\"async\" src=\"http:\/\/pixelworker.com\/wordpress\/wp-content\/uploads\/2019\/03\/c_regine_schoettl_6408.jpg\" width=\"1500\" height=\"1000\" alt=\"Joanneum Graz\" title=\"Joanneum Graz\" aria-label=\"Joanneum Graz\" class=\"img-responsive wp-image-1949\" srcset=\"http:\/\/pixelworker.com\/wordpress\/wp-content\/uploads\/2019\/03\/c_regine_schoettl_6408-200x133.jpg 200w, http:\/\/pixelworker.com\/wordpress\/wp-content\/uploads\/2019\/03\/c_regine_schoettl_6408-400x267.jpg 400w, http:\/\/pixelworker.com\/wordpress\/wp-content\/uploads\/2019\/03\/c_regine_schoettl_6408-600x400.jpg 600w, http:\/\/pixelworker.com\/wordpress\/wp-content\/uploads\/2019\/03\/c_regine_schoettl_6408-800x533.jpg 800w, http:\/\/pixelworker.com\/wordpress\/wp-content\/uploads\/2019\/03\/c_regine_schoettl_6408-1200x800.jpg 1200w, http:\/\/pixelworker.com\/wordpress\/wp-content\/uploads\/2019\/03\/c_regine_schoettl_6408.jpg 1500w\" sizes=\"(min-width: 2200px) 100vw, (min-width: 784px) 430px, (min-width: 712px) 645px, (min-width: 640px) 712px, \" \/><\/a><\/div><\/div><div style=\"padding:5px;\" class=\"fusion-grid-column fusion-gallery-column fusion-gallery-column-3 hover-type-none\"><div class=\"fusion-gallery-image\"><a href=\"http:\/\/pixelworker.com\/wordpress\/wp-content\/uploads\/2019\/03\/c_regine_schoettl_0379.jpg\" data-caption=\"Dachstein\" rel=\"noreferrer\" data-rel=\"iLightbox[gallery_image_1]\" class=\"fusion-lightbox\" target=\"_self\"><img decoding=\"async\" src=\"http:\/\/pixelworker.com\/wordpress\/wp-content\/uploads\/2019\/03\/c_regine_schoettl_0379.jpg\" width=\"1407\" height=\"1500\" alt=\"Dachstein\" title=\"Dachstein\" aria-label=\"Dachstein\" class=\"img-responsive wp-image-1935\" srcset=\"http:\/\/pixelworker.com\/wordpress\/wp-content\/uploads\/2019\/03\/c_regine_schoettl_0379-200x213.jpg 200w, http:\/\/pixelworker.com\/wordpress\/wp-content\/uploads\/2019\/03\/c_regine_schoettl_0379-400x426.jpg 400w, http:\/\/pixelworker.com\/wordpress\/wp-content\/uploads\/2019\/03\/c_regine_schoettl_0379-600x640.jpg 600w, http:\/\/pixelworker.com\/wordpress\/wp-content\/uploads\/2019\/03\/c_regine_schoettl_0379-800x853.jpg 800w, http:\/\/pixelworker.com\/wordpress\/wp-content\/uploads\/2019\/03\/c_regine_schoettl_0379-1200x1279.jpg 1200w, http:\/\/pixelworker.com\/wordpress\/wp-content\/uploads\/2019\/03\/c_regine_schoettl_0379.jpg 1407w\" sizes=\"(min-width: 2200px) 100vw, (min-width: 784px) 430px, (min-width: 712px) 645px, (min-width: 640px) 712px, \" \/><\/a><\/div><\/div><div style=\"padding:5px;\" class=\"fusion-grid-column fusion-gallery-column fusion-gallery-column-3 hover-type-none\"><div class=\"fusion-gallery-image\"><a href=\"http:\/\/pixelworker.com\/wordpress\/wp-content\/uploads\/2019\/03\/c_regine_schoettl_0766.jpg\" data-caption=\"Gr\u00fcner See, Steiermark\" rel=\"noreferrer\" data-rel=\"iLightbox[gallery_image_1]\" class=\"fusion-lightbox\" target=\"_self\"><img decoding=\"async\" src=\"http:\/\/pixelworker.com\/wordpress\/wp-content\/uploads\/2019\/03\/c_regine_schoettl_0766.jpg\" width=\"1000\" height=\"1500\" alt=\"Gr\u00fcner See, Steiermark\" title=\"Gr\u00fcner See, Steiermark\" aria-label=\"Gr\u00fcner See, Steiermark\" class=\"img-responsive wp-image-1939\" srcset=\"http:\/\/pixelworker.com\/wordpress\/wp-content\/uploads\/2019\/03\/c_regine_schoettl_0766-200x300.jpg 200w, http:\/\/pixelworker.com\/wordpress\/wp-content\/uploads\/2019\/03\/c_regine_schoettl_0766-400x600.jpg 400w, http:\/\/pixelworker.com\/wordpress\/wp-content\/uploads\/2019\/03\/c_regine_schoettl_0766-600x900.jpg 600w, http:\/\/pixelworker.com\/wordpress\/wp-content\/uploads\/2019\/03\/c_regine_schoettl_0766-800x1200.jpg 800w, http:\/\/pixelworker.com\/wordpress\/wp-content\/uploads\/2019\/03\/c_regine_schoettl_0766.jpg 1000w\" sizes=\"(min-width: 2200px) 100vw, (min-width: 784px) 430px, (min-width: 712px) 645px, (min-width: 640px) 712px, \" \/><\/a><\/div><\/div><div class=\"clearfix\"><\/div><div style=\"padding:5px;\" class=\"fusion-grid-column fusion-gallery-column fusion-gallery-column-3 hover-type-none\"><div class=\"fusion-gallery-image\"><a href=\"http:\/\/pixelworker.com\/wordpress\/wp-content\/uploads\/2019\/03\/c_regine_schoettl_6476.jpg\" data-caption=\"Riegersburg\" rel=\"noreferrer\" data-rel=\"iLightbox[gallery_image_1]\" class=\"fusion-lightbox\" target=\"_self\"><img decoding=\"async\" src=\"http:\/\/pixelworker.com\/wordpress\/wp-content\/uploads\/2019\/03\/c_regine_schoettl_6476.jpg\" width=\"1398\" height=\"1500\" alt=\"Riegersburg\" title=\"Riegersburg\" aria-label=\"Riegersburg\" class=\"img-responsive wp-image-1950\" srcset=\"http:\/\/pixelworker.com\/wordpress\/wp-content\/uploads\/2019\/03\/c_regine_schoettl_6476-200x215.jpg 200w, http:\/\/pixelworker.com\/wordpress\/wp-content\/uploads\/2019\/03\/c_regine_schoettl_6476-400x429.jpg 400w, http:\/\/pixelworker.com\/wordpress\/wp-content\/uploads\/2019\/03\/c_regine_schoettl_6476-600x644.jpg 600w, http:\/\/pixelworker.com\/wordpress\/wp-content\/uploads\/2019\/03\/c_regine_schoettl_6476-800x858.jpg 800w, http:\/\/pixelworker.com\/wordpress\/wp-content\/uploads\/2019\/03\/c_regine_schoettl_6476-1200x1288.jpg 1200w, http:\/\/pixelworker.com\/wordpress\/wp-content\/uploads\/2019\/03\/c_regine_schoettl_6476.jpg 1398w\" sizes=\"(min-width: 2200px) 100vw, (min-width: 784px) 430px, (min-width: 712px) 645px, (min-width: 640px) 712px, \" \/><\/a><\/div><\/div><div style=\"padding:5px;\" class=\"fusion-grid-column fusion-gallery-column fusion-gallery-column-3 hover-type-none\"><div class=\"fusion-gallery-image\"><a href=\"http:\/\/pixelworker.com\/wordpress\/wp-content\/uploads\/2019\/03\/c_regine_schoettl_2689.jpg\" data-caption=\"Kunsthaus Graz\" rel=\"noreferrer\" data-rel=\"iLightbox[gallery_image_1]\" class=\"fusion-lightbox\" target=\"_self\"><img decoding=\"async\" src=\"http:\/\/pixelworker.com\/wordpress\/wp-content\/uploads\/2019\/03\/c_regine_schoettl_2689.jpg\" width=\"1500\" height=\"1000\" alt=\"Kunsthaus Graz\" title=\"Kunsthaus Graz\" aria-label=\"Kunsthaus Graz\" class=\"img-responsive wp-image-1944\" srcset=\"http:\/\/pixelworker.com\/wordpress\/wp-content\/uploads\/2019\/03\/c_regine_schoettl_2689-200x133.jpg 200w, http:\/\/pixelworker.com\/wordpress\/wp-content\/uploads\/2019\/03\/c_regine_schoettl_2689-400x267.jpg 400w, http:\/\/pixelworker.com\/wordpress\/wp-content\/uploads\/2019\/03\/c_regine_schoettl_2689-600x400.jpg 600w, http:\/\/pixelworker.com\/wordpress\/wp-content\/uploads\/2019\/03\/c_regine_schoettl_2689-800x533.jpg 800w, http:\/\/pixelworker.com\/wordpress\/wp-content\/uploads\/2019\/03\/c_regine_schoettl_2689-1200x800.jpg 1200w, http:\/\/pixelworker.com\/wordpress\/wp-content\/uploads\/2019\/03\/c_regine_schoettl_2689.jpg 1500w\" sizes=\"(min-width: 2200px) 100vw, (min-width: 784px) 430px, (min-width: 712px) 645px, (min-width: 640px) 712px, \" \/><\/a><\/div><\/div><div style=\"padding:5px;\" class=\"fusion-grid-column fusion-gallery-column fusion-gallery-column-3 hover-type-none\"><div class=\"fusion-gallery-image\"><a href=\"http:\/\/pixelworker.com\/wordpress\/wp-content\/uploads\/2019\/03\/c_regine_schoettl_1240.jpg\" data-caption=\"Spiegelsee, Region Schladming\" rel=\"noreferrer\" data-rel=\"iLightbox[gallery_image_1]\" class=\"fusion-lightbox\" target=\"_self\"><img decoding=\"async\" src=\"http:\/\/pixelworker.com\/wordpress\/wp-content\/uploads\/2019\/03\/c_regine_schoettl_1240.jpg\" width=\"1402\" height=\"1500\" alt=\"Spiegelsee, Region Schladming\" title=\"Spiegelsee, Region Schladming\" aria-label=\"Spiegelsee, Region Schladming\" class=\"img-responsive wp-image-1940\" srcset=\"http:\/\/pixelworker.com\/wordpress\/wp-content\/uploads\/2019\/03\/c_regine_schoettl_1240-200x214.jpg 200w, http:\/\/pixelworker.com\/wordpress\/wp-content\/uploads\/2019\/03\/c_regine_schoettl_1240-400x428.jpg 400w, http:\/\/pixelworker.com\/wordpress\/wp-content\/uploads\/2019\/03\/c_regine_schoettl_1240-600x642.jpg 600w, http:\/\/pixelworker.com\/wordpress\/wp-content\/uploads\/2019\/03\/c_regine_schoettl_1240-800x856.jpg 800w, http:\/\/pixelworker.com\/wordpress\/wp-content\/uploads\/2019\/03\/c_regine_schoettl_1240-1200x1284.jpg 1200w, http:\/\/pixelworker.com\/wordpress\/wp-content\/uploads\/2019\/03\/c_regine_schoettl_1240.jpg 1402w\" sizes=\"(min-width: 2200px) 100vw, (min-width: 784px) 430px, (min-width: 712px) 645px, (min-width: 640px) 712px, \" \/><\/a><\/div><\/div><div class=\"clearfix\"><\/div><div style=\"padding:5px;\" class=\"fusion-grid-column fusion-gallery-column fusion-gallery-column-3 hover-type-none\"><div class=\"fusion-gallery-image\"><a href=\"http:\/\/pixelworker.com\/wordpress\/wp-content\/uploads\/2019\/03\/c_regine_schoettl_klapotetz.jpg\" data-caption=\"Klapotetz, Steiermark\" rel=\"noreferrer\" data-rel=\"iLightbox[gallery_image_1]\" class=\"fusion-lightbox\" target=\"_self\"><img decoding=\"async\" src=\"http:\/\/pixelworker.com\/wordpress\/wp-content\/uploads\/2019\/03\/c_regine_schoettl_klapotetz.jpg\" width=\"1500\" height=\"1691\" alt=\"Klapotetz, Steiermark\" title=\"Klapotetz, Steiermark\" aria-label=\"Klapotetz, Steiermark\" class=\"img-responsive wp-image-2048\" srcset=\"http:\/\/pixelworker.com\/wordpress\/wp-content\/uploads\/2019\/03\/c_regine_schoettl_klapotetz-200x225.jpg 200w, http:\/\/pixelworker.com\/wordpress\/wp-content\/uploads\/2019\/03\/c_regine_schoettl_klapotetz-400x451.jpg 400w, http:\/\/pixelworker.com\/wordpress\/wp-content\/uploads\/2019\/03\/c_regine_schoettl_klapotetz-600x676.jpg 600w, http:\/\/pixelworker.com\/wordpress\/wp-content\/uploads\/2019\/03\/c_regine_schoettl_klapotetz-800x902.jpg 800w, http:\/\/pixelworker.com\/wordpress\/wp-content\/uploads\/2019\/03\/c_regine_schoettl_klapotetz-1200x1353.jpg 1200w, http:\/\/pixelworker.com\/wordpress\/wp-content\/uploads\/2019\/03\/c_regine_schoettl_klapotetz.jpg 1500w\" sizes=\"(min-width: 2200px) 100vw, (min-width: 784px) 430px, (min-width: 712px) 645px, (min-width: 640px) 712px, \" \/><\/a><\/div><\/div><div style=\"padding:5px;\" class=\"fusion-grid-column fusion-gallery-column fusion-gallery-column-3 hover-type-none\"><div class=\"fusion-gallery-image\"><a href=\"http:\/\/pixelworker.com\/wordpress\/wp-content\/uploads\/2019\/03\/c_regine_schoettl_1516.jpg\" data-caption=\"Sch\u00fcsserlbrunn \/ Teichalmgebiet\" rel=\"noreferrer\" data-rel=\"iLightbox[gallery_image_1]\" class=\"fusion-lightbox\" target=\"_self\"><img decoding=\"async\" src=\"http:\/\/pixelworker.com\/wordpress\/wp-content\/uploads\/2019\/03\/c_regine_schoettl_1516.jpg\" width=\"1500\" height=\"641\" alt=\"Sch\u00fcsserlbrunn \/ Teichalmgebiet\" title=\"Sch\u00fcsserlbrunn \/ Teichalmgebiet\" aria-label=\"Sch\u00fcsserlbrunn \/ Teichalmgebiet\" class=\"img-responsive wp-image-1941\" srcset=\"http:\/\/pixelworker.com\/wordpress\/wp-content\/uploads\/2019\/03\/c_regine_schoettl_1516-200x85.jpg 200w, http:\/\/pixelworker.com\/wordpress\/wp-content\/uploads\/2019\/03\/c_regine_schoettl_1516-400x171.jpg 400w, http:\/\/pixelworker.com\/wordpress\/wp-content\/uploads\/2019\/03\/c_regine_schoettl_1516-600x256.jpg 600w, http:\/\/pixelworker.com\/wordpress\/wp-content\/uploads\/2019\/03\/c_regine_schoettl_1516-800x342.jpg 800w, http:\/\/pixelworker.com\/wordpress\/wp-content\/uploads\/2019\/03\/c_regine_schoettl_1516-1200x513.jpg 1200w, http:\/\/pixelworker.com\/wordpress\/wp-content\/uploads\/2019\/03\/c_regine_schoettl_1516.jpg 1500w\" sizes=\"(min-width: 2200px) 100vw, (min-width: 784px) 430px, (min-width: 712px) 645px, (min-width: 640px) 712px, \" \/><\/a><\/div><\/div><div style=\"padding:5px;\" class=\"fusion-grid-column fusion-gallery-column fusion-gallery-column-3 hover-type-none\"><div class=\"fusion-gallery-image\"><a href=\"http:\/\/pixelworker.com\/wordpress\/wp-content\/uploads\/2019\/03\/c_regine_schoettl_1575.jpg\" data-caption=\"Hochlantsch \/ Teichalmgebiet\" rel=\"noreferrer\" data-rel=\"iLightbox[gallery_image_1]\" class=\"fusion-lightbox\" target=\"_self\"><img decoding=\"async\" src=\"http:\/\/pixelworker.com\/wordpress\/wp-content\/uploads\/2019\/03\/c_regine_schoettl_1575.jpg\" width=\"1000\" height=\"1500\" alt=\"Hochlantsch \/ Teichalmgebiet\" title=\"Hochlantsch \/ Teichalmgebiet\" aria-label=\"Hochlantsch \/ Teichalmgebiet\" class=\"img-responsive wp-image-1942\" srcset=\"http:\/\/pixelworker.com\/wordpress\/wp-content\/uploads\/2019\/03\/c_regine_schoettl_1575-200x300.jpg 200w, http:\/\/pixelworker.com\/wordpress\/wp-content\/uploads\/2019\/03\/c_regine_schoettl_1575-400x600.jpg 400w, http:\/\/pixelworker.com\/wordpress\/wp-content\/uploads\/2019\/03\/c_regine_schoettl_1575-600x900.jpg 600w, http:\/\/pixelworker.com\/wordpress\/wp-content\/uploads\/2019\/03\/c_regine_schoettl_1575-800x1200.jpg 800w, http:\/\/pixelworker.com\/wordpress\/wp-content\/uploads\/2019\/03\/c_regine_schoettl_1575.jpg 1000w\" sizes=\"(min-width: 2200px) 100vw, (min-width: 784px) 430px, (min-width: 712px) 645px, (min-width: 640px) 712px, \" \/><\/a><\/div><\/div><div class=\"clearfix\"><\/div><div style=\"padding:5px;\" class=\"fusion-grid-column fusion-gallery-column fusion-gallery-column-3 hover-type-none\"><div class=\"fusion-gallery-image\"><a href=\"http:\/\/pixelworker.com\/wordpress\/wp-content\/uploads\/2019\/03\/c_regine_schoettl_0387.jpg\" data-caption=\"Wasserfall am Duisitzkarsee\" rel=\"noreferrer\" data-rel=\"iLightbox[gallery_image_1]\" class=\"fusion-lightbox\" target=\"_self\"><img decoding=\"async\" src=\"http:\/\/pixelworker.com\/wordpress\/wp-content\/uploads\/2019\/03\/c_regine_schoettl_0387.jpg\" width=\"1125\" height=\"1500\" alt=\"Wasserfall am Duisitzkarsee\" title=\"Wasserfall am Duisitzkarsee\" aria-label=\"Wasserfall am Duisitzkarsee\" class=\"img-responsive wp-image-1936\" srcset=\"http:\/\/pixelworker.com\/wordpress\/wp-content\/uploads\/2019\/03\/c_regine_schoettl_0387-200x267.jpg 200w, http:\/\/pixelworker.com\/wordpress\/wp-content\/uploads\/2019\/03\/c_regine_schoettl_0387-400x533.jpg 400w, http:\/\/pixelworker.com\/wordpress\/wp-content\/uploads\/2019\/03\/c_regine_schoettl_0387-600x800.jpg 600w, http:\/\/pixelworker.com\/wordpress\/wp-content\/uploads\/2019\/03\/c_regine_schoettl_0387-800x1067.jpg 800w, http:\/\/pixelworker.com\/wordpress\/wp-content\/uploads\/2019\/03\/c_regine_schoettl_0387.jpg 1125w\" sizes=\"(min-width: 2200px) 100vw, (min-width: 784px) 430px, (min-width: 712px) 645px, (min-width: 640px) 712px, \" \/><\/a><\/div><\/div><div style=\"padding:5px;\" class=\"fusion-grid-column fusion-gallery-column fusion-gallery-column-3 hover-type-none\"><div class=\"fusion-gallery-image\"><a href=\"http:\/\/pixelworker.com\/wordpress\/wp-content\/uploads\/2019\/03\/c_regine_schoettl_8735.jpg\" data-caption=\"Grazer Uhrturm\" rel=\"noreferrer\" data-rel=\"iLightbox[gallery_image_1]\" class=\"fusion-lightbox\" target=\"_self\"><img decoding=\"async\" src=\"http:\/\/pixelworker.com\/wordpress\/wp-content\/uploads\/2019\/03\/c_regine_schoettl_8735.jpg\" width=\"1500\" height=\"1000\" alt=\"Grazer Uhrturm\" title=\"Grazer Uhrturm\" aria-label=\"Grazer Uhrturm\" class=\"img-responsive wp-image-1952\" srcset=\"http:\/\/pixelworker.com\/wordpress\/wp-content\/uploads\/2019\/03\/c_regine_schoettl_8735-200x133.jpg 200w, http:\/\/pixelworker.com\/wordpress\/wp-content\/uploads\/2019\/03\/c_regine_schoettl_8735-400x267.jpg 400w, http:\/\/pixelworker.com\/wordpress\/wp-content\/uploads\/2019\/03\/c_regine_schoettl_8735-600x400.jpg 600w, http:\/\/pixelworker.com\/wordpress\/wp-content\/uploads\/2019\/03\/c_regine_schoettl_8735-800x533.jpg 800w, http:\/\/pixelworker.com\/wordpress\/wp-content\/uploads\/2019\/03\/c_regine_schoettl_8735-1200x800.jpg 1200w, http:\/\/pixelworker.com\/wordpress\/wp-content\/uploads\/2019\/03\/c_regine_schoettl_8735.jpg 1500w\" sizes=\"(min-width: 2200px) 100vw, (min-width: 784px) 430px, (min-width: 712px) 645px, (min-width: 640px) 712px, \" \/><\/a><\/div><\/div><div style=\"padding:5px;\" class=\"fusion-grid-column fusion-gallery-column fusion-gallery-column-3 hover-type-none\"><div class=\"fusion-gallery-image\"><a href=\"http:\/\/pixelworker.com\/wordpress\/wp-content\/uploads\/2019\/03\/c_regine_schoettl_5915.jpg\" data-caption=\"Friedenskircherl, Gr\u00f6bming, iA ORF\" rel=\"noreferrer\" data-rel=\"iLightbox[gallery_image_1]\" class=\"fusion-lightbox\" target=\"_self\"><img decoding=\"async\" src=\"http:\/\/pixelworker.com\/wordpress\/wp-content\/uploads\/2019\/03\/c_regine_schoettl_5915.jpg\" width=\"1500\" height=\"1000\" alt=\"Friedenskircherl, Gr\u00f6bming, iA ORF\" title=\"Friedenskircherl, Gr\u00f6bming, iA ORF\" aria-label=\"Friedenskircherl, Gr\u00f6bming, iA ORF\" class=\"img-responsive wp-image-2199\" srcset=\"http:\/\/pixelworker.com\/wordpress\/wp-content\/uploads\/2019\/03\/c_regine_schoettl_5915-200x133.jpg 200w, http:\/\/pixelworker.com\/wordpress\/wp-content\/uploads\/2019\/03\/c_regine_schoettl_5915-400x267.jpg 400w, http:\/\/pixelworker.com\/wordpress\/wp-content\/uploads\/2019\/03\/c_regine_schoettl_5915-600x400.jpg 600w, http:\/\/pixelworker.com\/wordpress\/wp-content\/uploads\/2019\/03\/c_regine_schoettl_5915-800x533.jpg 800w, http:\/\/pixelworker.com\/wordpress\/wp-content\/uploads\/2019\/03\/c_regine_schoettl_5915-1200x800.jpg 1200w, http:\/\/pixelworker.com\/wordpress\/wp-content\/uploads\/2019\/03\/c_regine_schoettl_5915.jpg 1500w\" sizes=\"(min-width: 2200px) 100vw, (min-width: 784px) 430px, (min-width: 712px) 645px, (min-width: 640px) 712px, \" \/><\/a><\/div><\/div><div class=\"clearfix\"><\/div><div style=\"padding:5px;\" class=\"fusion-grid-column fusion-gallery-column fusion-gallery-column-3 hover-type-none\"><div class=\"fusion-gallery-image\"><a href=\"http:\/\/pixelworker.com\/wordpress\/wp-content\/uploads\/2019\/03\/c_regine_schoettl_4862.jpg\" rel=\"noreferrer\" data-rel=\"iLightbox[gallery_image_1]\" class=\"fusion-lightbox\" target=\"_self\"><img decoding=\"async\" src=\"http:\/\/pixelworker.com\/wordpress\/wp-content\/uploads\/2019\/03\/c_regine_schoettl_4862.jpg\" width=\"1500\" height=\"1038\" alt=\"Frosch am Wildbach\" title=\"Frosch am Wildbach\" aria-label=\"Frosch am Wildbach\" class=\"img-responsive wp-image-1946\" srcset=\"http:\/\/pixelworker.com\/wordpress\/wp-content\/uploads\/2019\/03\/c_regine_schoettl_4862-200x138.jpg 200w, http:\/\/pixelworker.com\/wordpress\/wp-content\/uploads\/2019\/03\/c_regine_schoettl_4862-400x277.jpg 400w, http:\/\/pixelworker.com\/wordpress\/wp-content\/uploads\/2019\/03\/c_regine_schoettl_4862-600x415.jpg 600w, http:\/\/pixelworker.com\/wordpress\/wp-content\/uploads\/2019\/03\/c_regine_schoettl_4862-800x554.jpg 800w, http:\/\/pixelworker.com\/wordpress\/wp-content\/uploads\/2019\/03\/c_regine_schoettl_4862-1200x830.jpg 1200w, http:\/\/pixelworker.com\/wordpress\/wp-content\/uploads\/2019\/03\/c_regine_schoettl_4862.jpg 1500w\" sizes=\"(min-width: 2200px) 100vw, (min-width: 784px) 430px, (min-width: 712px) 645px, (min-width: 640px) 712px, \" \/><\/a><\/div><\/div><div style=\"padding:5px;\" class=\"fusion-grid-column fusion-gallery-column fusion-gallery-column-3 hover-type-none\"><div class=\"fusion-gallery-image\"><a href=\"http:\/\/pixelworker.com\/wordpress\/wp-content\/uploads\/2019\/03\/leopoldsteinersee_c_regine_schoettl.jpg\" data-caption=\"Leopoldsteinersee. Steiermark\" rel=\"noreferrer\" data-rel=\"iLightbox[gallery_image_1]\" class=\"fusion-lightbox\" target=\"_self\"><img decoding=\"async\" src=\"http:\/\/pixelworker.com\/wordpress\/wp-content\/uploads\/2019\/03\/leopoldsteinersee_c_regine_schoettl.jpg\" width=\"1500\" height=\"1000\" alt=\"Leopoldsteinersee. Steiermark\" title=\"Leopoldsteinersee. Steiermark\" aria-label=\"Leopoldsteinersee. Steiermark\" class=\"img-responsive wp-image-2052\" srcset=\"http:\/\/pixelworker.com\/wordpress\/wp-content\/uploads\/2019\/03\/leopoldsteinersee_c_regine_schoettl-200x133.jpg 200w, http:\/\/pixelworker.com\/wordpress\/wp-content\/uploads\/2019\/03\/leopoldsteinersee_c_regine_schoettl-400x267.jpg 400w, http:\/\/pixelworker.com\/wordpress\/wp-content\/uploads\/2019\/03\/leopoldsteinersee_c_regine_schoettl-600x400.jpg 600w, http:\/\/pixelworker.com\/wordpress\/wp-content\/uploads\/2019\/03\/leopoldsteinersee_c_regine_schoettl-800x533.jpg 800w, http:\/\/pixelworker.com\/wordpress\/wp-content\/uploads\/2019\/03\/leopoldsteinersee_c_regine_schoettl-1200x800.jpg 1200w, http:\/\/pixelworker.com\/wordpress\/wp-content\/uploads\/2019\/03\/leopoldsteinersee_c_regine_schoettl.jpg 1500w\" sizes=\"(min-width: 2200px) 100vw, (min-width: 784px) 430px, (min-width: 712px) 645px, (min-width: 640px) 712px, \" \/><\/a><\/div><\/div><div style=\"padding:5px;\" class=\"fusion-grid-column fusion-gallery-column fusion-gallery-column-3 hover-type-none\"><div class=\"fusion-gallery-image\"><a href=\"http:\/\/pixelworker.com\/wordpress\/wp-content\/uploads\/2019\/03\/leopoldsteinersee2_c_regine_schoettl.jpg\" rel=\"noreferrer\" data-rel=\"iLightbox[gallery_image_1]\" class=\"fusion-lightbox\" target=\"_self\"><img decoding=\"async\" src=\"http:\/\/pixelworker.com\/wordpress\/wp-content\/uploads\/2019\/03\/leopoldsteinersee2_c_regine_schoettl.jpg\" width=\"1500\" height=\"1605\" alt=\"\" title=\"Leopoldsteinersee. Steiermark\" aria-label=\"Leopoldsteinersee. Steiermark\" class=\"img-responsive wp-image-2053\" srcset=\"http:\/\/pixelworker.com\/wordpress\/wp-content\/uploads\/2019\/03\/leopoldsteinersee2_c_regine_schoettl-200x214.jpg 200w, http:\/\/pixelworker.com\/wordpress\/wp-content\/uploads\/2019\/03\/leopoldsteinersee2_c_regine_schoettl-400x428.jpg 400w, http:\/\/pixelworker.com\/wordpress\/wp-content\/uploads\/2019\/03\/leopoldsteinersee2_c_regine_schoettl-600x642.jpg 600w, http:\/\/pixelworker.com\/wordpress\/wp-content\/uploads\/2019\/03\/leopoldsteinersee2_c_regine_schoettl-800x856.jpg 800w, http:\/\/pixelworker.com\/wordpress\/wp-content\/uploads\/2019\/03\/leopoldsteinersee2_c_regine_schoettl-1200x1284.jpg 1200w, http:\/\/pixelworker.com\/wordpress\/wp-content\/uploads\/2019\/03\/leopoldsteinersee2_c_regine_schoettl.jpg 1500w\" sizes=\"(min-width: 2200px) 100vw, (min-width: 784px) 430px, (min-width: 712px) 645px, (min-width: 640px) 712px, \" \/><\/a><\/div><\/div><div class=\"clearfix\"><\/div><div style=\"padding:5px;\" class=\"fusion-grid-column fusion-gallery-column fusion-gallery-column-3 hover-type-none\"><div class=\"fusion-gallery-image\"><a href=\"http:\/\/pixelworker.com\/wordpress\/wp-content\/uploads\/2020\/12\/T5A0858.jpg\" data-caption=\"Sonnentau, P\u00fcrgschacher Moor\" rel=\"noreferrer\" data-rel=\"iLightbox[gallery_image_1]\" class=\"fusion-lightbox\" target=\"_self\"><img decoding=\"async\" src=\"http:\/\/pixelworker.com\/wordpress\/wp-content\/uploads\/2020\/12\/T5A0858.jpg\" width=\"2000\" height=\"1334\" alt=\"Sonnentau, P\u00fcrgschacher Moor\" title=\"Sonnentau, P\u00fcrgschacher Moor\" aria-label=\"Sonnentau, P\u00fcrgschacher Moor\" class=\"img-responsive wp-image-2080\" srcset=\"http:\/\/pixelworker.com\/wordpress\/wp-content\/uploads\/2020\/12\/T5A0858-200x133.jpg 200w, http:\/\/pixelworker.com\/wordpress\/wp-content\/uploads\/2020\/12\/T5A0858-400x267.jpg 400w, http:\/\/pixelworker.com\/wordpress\/wp-content\/uploads\/2020\/12\/T5A0858-600x400.jpg 600w, http:\/\/pixelworker.com\/wordpress\/wp-content\/uploads\/2020\/12\/T5A0858-800x534.jpg 800w, http:\/\/pixelworker.com\/wordpress\/wp-content\/uploads\/2020\/12\/T5A0858-1200x800.jpg 1200w, http:\/\/pixelworker.com\/wordpress\/wp-content\/uploads\/2020\/12\/T5A0858.jpg 2000w\" sizes=\"(min-width: 2200px) 100vw, (min-width: 784px) 430px, (min-width: 712px) 645px, (min-width: 640px) 712px, \" \/><\/a><\/div><\/div><div style=\"padding:5px;\" class=\"fusion-grid-column fusion-gallery-column fusion-gallery-column-3 hover-type-none\"><div class=\"fusion-gallery-image\"><a href=\"http:\/\/pixelworker.com\/wordpress\/wp-content\/uploads\/2019\/03\/c_regine_schoettl_8041.jpg\" data-caption=\"Murtalbahn\" rel=\"noreferrer\" data-rel=\"iLightbox[gallery_image_1]\" class=\"fusion-lightbox\" target=\"_self\"><img decoding=\"async\" src=\"http:\/\/pixelworker.com\/wordpress\/wp-content\/uploads\/2019\/03\/c_regine_schoettl_8041.jpg\" width=\"1273\" height=\"1500\" alt=\"Murtalbahn\" title=\"Murtalbahn\" aria-label=\"Murtalbahn\" class=\"img-responsive wp-image-1951\" srcset=\"http:\/\/pixelworker.com\/wordpress\/wp-content\/uploads\/2019\/03\/c_regine_schoettl_8041-200x236.jpg 200w, http:\/\/pixelworker.com\/wordpress\/wp-content\/uploads\/2019\/03\/c_regine_schoettl_8041-400x471.jpg 400w, http:\/\/pixelworker.com\/wordpress\/wp-content\/uploads\/2019\/03\/c_regine_schoettl_8041-600x707.jpg 600w, http:\/\/pixelworker.com\/wordpress\/wp-content\/uploads\/2019\/03\/c_regine_schoettl_8041-800x943.jpg 800w, http:\/\/pixelworker.com\/wordpress\/wp-content\/uploads\/2019\/03\/c_regine_schoettl_8041-1200x1414.jpg 1200w, http:\/\/pixelworker.com\/wordpress\/wp-content\/uploads\/2019\/03\/c_regine_schoettl_8041.jpg 1273w\" sizes=\"(min-width: 2200px) 100vw, (min-width: 784px) 430px, (min-width: 712px) 645px, (min-width: 640px) 712px, \" \/><\/a><\/div><\/div><div style=\"padding:5px;\" class=\"fusion-grid-column fusion-gallery-column fusion-gallery-column-3 hover-type-none\"><div class=\"fusion-gallery-image\"><a href=\"http:\/\/pixelworker.com\/wordpress\/wp-content\/uploads\/2023\/04\/c_regine_schoettl_058_6355.jpg\" data-caption=\"Blick auf dem Weg zum Stoderzinken, iA ORF\" rel=\"noreferrer\" data-rel=\"iLightbox[gallery_image_1]\" class=\"fusion-lightbox\" target=\"_self\"><img decoding=\"async\" src=\"http:\/\/pixelworker.com\/wordpress\/wp-content\/uploads\/2023\/04\/c_regine_schoettl_058_6355.jpg\" width=\"1500\" height=\"1000\" alt=\"Blick auf dem Weg zum Stoderzinken, iA ORF\" title=\"Blick auf dem Weg zum Stoderzinken, iA ORF\" aria-label=\"Blick auf dem Weg zum Stoderzinken, iA ORF\" class=\"img-responsive wp-image-2167\" srcset=\"http:\/\/pixelworker.com\/wordpress\/wp-content\/uploads\/2023\/04\/c_regine_schoettl_058_6355-200x133.jpg 200w, http:\/\/pixelworker.com\/wordpress\/wp-content\/uploads\/2023\/04\/c_regine_schoettl_058_6355-400x267.jpg 400w, http:\/\/pixelworker.com\/wordpress\/wp-content\/uploads\/2023\/04\/c_regine_schoettl_058_6355-600x400.jpg 600w, http:\/\/pixelworker.com\/wordpress\/wp-content\/uploads\/2023\/04\/c_regine_schoettl_058_6355-800x533.jpg 800w, http:\/\/pixelworker.com\/wordpress\/wp-content\/uploads\/2023\/04\/c_regine_schoettl_058_6355-1200x800.jpg 1200w, http:\/\/pixelworker.com\/wordpress\/wp-content\/uploads\/2023\/04\/c_regine_schoettl_058_6355.jpg 1500w\" sizes=\"(min-width: 2200px) 100vw, (min-width: 784px) 430px, (min-width: 712px) 645px, (min-width: 640px) 712px, \" \/><\/a><\/div><\/div><div class=\"clearfix\"><\/div><div style=\"padding:5px;\" class=\"fusion-grid-column fusion-gallery-column fusion-gallery-column-3 hover-type-none\"><div class=\"fusion-gallery-image\"><a href=\"http:\/\/pixelworker.com\/wordpress\/wp-content\/uploads\/2019\/03\/c_regine_schoettl_5496.jpg\" rel=\"noreferrer\" data-rel=\"iLightbox[gallery_image_1]\" class=\"fusion-lightbox\" target=\"_self\"><img decoding=\"async\" src=\"http:\/\/pixelworker.com\/wordpress\/wp-content\/uploads\/2019\/03\/c_regine_schoettl_5496.jpg\" width=\"1000\" height=\"1500\" alt=\"\u00d6densee\" title=\"\u00d6densee\" aria-label=\"\u00d6densee\" class=\"img-responsive wp-image-1947\" srcset=\"http:\/\/pixelworker.com\/wordpress\/wp-content\/uploads\/2019\/03\/c_regine_schoettl_5496-200x300.jpg 200w, http:\/\/pixelworker.com\/wordpress\/wp-content\/uploads\/2019\/03\/c_regine_schoettl_5496-400x600.jpg 400w, http:\/\/pixelworker.com\/wordpress\/wp-content\/uploads\/2019\/03\/c_regine_schoettl_5496-600x900.jpg 600w, http:\/\/pixelworker.com\/wordpress\/wp-content\/uploads\/2019\/03\/c_regine_schoettl_5496-800x1200.jpg 800w, http:\/\/pixelworker.com\/wordpress\/wp-content\/uploads\/2019\/03\/c_regine_schoettl_5496.jpg 1000w\" sizes=\"(min-width: 2200px) 100vw, (min-width: 784px) 430px, (min-width: 712px) 645px, (min-width: 640px) 712px, \" \/><\/a><\/div><\/div><div style=\"padding:5px;\" class=\"fusion-grid-column fusion-gallery-column fusion-gallery-column-3 hover-type-none\"><div class=\"fusion-gallery-image\"><a href=\"http:\/\/pixelworker.com\/wordpress\/wp-content\/uploads\/2019\/03\/c_regine_schoettl_-1.jpg\" rel=\"noreferrer\" data-rel=\"iLightbox[gallery_image_1]\" class=\"fusion-lightbox\" target=\"_self\"><img decoding=\"async\" src=\"http:\/\/pixelworker.com\/wordpress\/wp-content\/uploads\/2019\/03\/c_regine_schoettl_-1.jpg\" width=\"1500\" height=\"931\" alt=\"Schnee\" title=\"Schneefeld\" aria-label=\"Schneefeld\" class=\"img-responsive wp-image-1932\" srcset=\"http:\/\/pixelworker.com\/wordpress\/wp-content\/uploads\/2019\/03\/c_regine_schoettl_-1-200x124.jpg 200w, http:\/\/pixelworker.com\/wordpress\/wp-content\/uploads\/2019\/03\/c_regine_schoettl_-1-400x248.jpg 400w, http:\/\/pixelworker.com\/wordpress\/wp-content\/uploads\/2019\/03\/c_regine_schoettl_-1-600x372.jpg 600w, http:\/\/pixelworker.com\/wordpress\/wp-content\/uploads\/2019\/03\/c_regine_schoettl_-1-800x497.jpg 800w, http:\/\/pixelworker.com\/wordpress\/wp-content\/uploads\/2019\/03\/c_regine_schoettl_-1-1200x745.jpg 1200w, http:\/\/pixelworker.com\/wordpress\/wp-content\/uploads\/2019\/03\/c_regine_schoettl_-1.jpg 1500w\" sizes=\"(min-width: 2200px) 100vw, (min-width: 784px) 430px, (min-width: 712px) 645px, (min-width: 640px) 712px, \" \/><\/a><\/div><\/div><div style=\"padding:5px;\" class=\"fusion-grid-column fusion-gallery-column fusion-gallery-column-3 hover-type-none\"><div class=\"fusion-gallery-image\"><a href=\"http:\/\/pixelworker.com\/wordpress\/wp-content\/uploads\/2019\/03\/c_regine_schoettl_0061.jpg\" data-caption=\"S\u00fcdsteirische Weinstra\u00dfe\" rel=\"noreferrer\" data-rel=\"iLightbox[gallery_image_1]\" class=\"fusion-lightbox\" target=\"_self\"><img decoding=\"async\" src=\"http:\/\/pixelworker.com\/wordpress\/wp-content\/uploads\/2019\/03\/c_regine_schoettl_0061.jpg\" width=\"1500\" height=\"1000\" alt=\"S\u00fcdsteirische Weinstra\u00dfe\" title=\"S\u00fcdsteirische Weinstra\u00dfe\" aria-label=\"S\u00fcdsteirische Weinstra\u00dfe\" class=\"img-responsive wp-image-1933\" srcset=\"http:\/\/pixelworker.com\/wordpress\/wp-content\/uploads\/2019\/03\/c_regine_schoettl_0061-200x133.jpg 200w, http:\/\/pixelworker.com\/wordpress\/wp-content\/uploads\/2019\/03\/c_regine_schoettl_0061-400x267.jpg 400w, http:\/\/pixelworker.com\/wordpress\/wp-content\/uploads\/2019\/03\/c_regine_schoettl_0061-600x400.jpg 600w, http:\/\/pixelworker.com\/wordpress\/wp-content\/uploads\/2019\/03\/c_regine_schoettl_0061-800x533.jpg 800w, http:\/\/pixelworker.com\/wordpress\/wp-content\/uploads\/2019\/03\/c_regine_schoettl_0061-1200x800.jpg 1200w, http:\/\/pixelworker.com\/wordpress\/wp-content\/uploads\/2019\/03\/c_regine_schoettl_0061.jpg 1500w\" sizes=\"(min-width: 2200px) 100vw, (min-width: 784px) 430px, (min-width: 712px) 645px, (min-width: 640px) 712px, \" \/><\/a><\/div><\/div><div class=\"clearfix\"><\/div><div style=\"padding:5px;\" class=\"fusion-grid-column fusion-gallery-column fusion-gallery-column-3 hover-type-none\"><div class=\"fusion-gallery-image\"><a href=\"http:\/\/pixelworker.com\/wordpress\/wp-content\/uploads\/2019\/03\/c_regine_schoettl_5971.jpg\" data-caption=\"Rassach\" rel=\"noreferrer\" data-rel=\"iLightbox[gallery_image_1]\" class=\"fusion-lightbox\" target=\"_self\"><img decoding=\"async\" src=\"http:\/\/pixelworker.com\/wordpress\/wp-content\/uploads\/2019\/03\/c_regine_schoettl_5971.jpg\" width=\"1367\" height=\"1500\" alt=\"Rassach\" title=\"Rassach\" aria-label=\"Rassach\" class=\"img-responsive wp-image-1948\" srcset=\"http:\/\/pixelworker.com\/wordpress\/wp-content\/uploads\/2019\/03\/c_regine_schoettl_5971-200x219.jpg 200w, http:\/\/pixelworker.com\/wordpress\/wp-content\/uploads\/2019\/03\/c_regine_schoettl_5971-400x439.jpg 400w, http:\/\/pixelworker.com\/wordpress\/wp-content\/uploads\/2019\/03\/c_regine_schoettl_5971-600x658.jpg 600w, http:\/\/pixelworker.com\/wordpress\/wp-content\/uploads\/2019\/03\/c_regine_schoettl_5971-800x878.jpg 800w, http:\/\/pixelworker.com\/wordpress\/wp-content\/uploads\/2019\/03\/c_regine_schoettl_5971-1200x1317.jpg 1200w, http:\/\/pixelworker.com\/wordpress\/wp-content\/uploads\/2019\/03\/c_regine_schoettl_5971.jpg 1367w\" sizes=\"(min-width: 2200px) 100vw, (min-width: 784px) 430px, (min-width: 712px) 645px, (min-width: 640px) 712px, \" \/><\/a><\/div><\/div><div style=\"padding:5px;\" class=\"fusion-grid-column fusion-gallery-column fusion-gallery-column-3 hover-type-none\"><div class=\"fusion-gallery-image\"><a href=\"http:\/\/pixelworker.com\/wordpress\/wp-content\/uploads\/2019\/03\/c_regine_schoettl_wipfelwanderweg.jpg\" data-caption=\"Wipfelwanderweg, Rachau, Steiermark\" rel=\"noreferrer\" data-rel=\"iLightbox[gallery_image_1]\" class=\"fusion-lightbox\" target=\"_self\"><img decoding=\"async\" src=\"http:\/\/pixelworker.com\/wordpress\/wp-content\/uploads\/2019\/03\/c_regine_schoettl_wipfelwanderweg.jpg\" width=\"1500\" height=\"1605\" alt=\"Wipfelwanderweg, Rachau, Steiermark\" title=\"Wipfelwanderweg, Rachau, Steiermark\" aria-label=\"Wipfelwanderweg, Rachau, Steiermark\" class=\"img-responsive wp-image-2051\" srcset=\"http:\/\/pixelworker.com\/wordpress\/wp-content\/uploads\/2019\/03\/c_regine_schoettl_wipfelwanderweg-200x214.jpg 200w, http:\/\/pixelworker.com\/wordpress\/wp-content\/uploads\/2019\/03\/c_regine_schoettl_wipfelwanderweg-400x428.jpg 400w, http:\/\/pixelworker.com\/wordpress\/wp-content\/uploads\/2019\/03\/c_regine_schoettl_wipfelwanderweg-600x642.jpg 600w, http:\/\/pixelworker.com\/wordpress\/wp-content\/uploads\/2019\/03\/c_regine_schoettl_wipfelwanderweg-800x856.jpg 800w, http:\/\/pixelworker.com\/wordpress\/wp-content\/uploads\/2019\/03\/c_regine_schoettl_wipfelwanderweg-1200x1284.jpg 1200w, http:\/\/pixelworker.com\/wordpress\/wp-content\/uploads\/2019\/03\/c_regine_schoettl_wipfelwanderweg.jpg 1500w\" sizes=\"(min-width: 2200px) 100vw, (min-width: 784px) 430px, (min-width: 712px) 645px, (min-width: 640px) 712px, \" \/><\/a><\/div><\/div><div style=\"padding:5px;\" class=\"fusion-grid-column fusion-gallery-column fusion-gallery-column-3 hover-type-none\"><div class=\"fusion-gallery-image\"><a href=\"http:\/\/pixelworker.com\/wordpress\/wp-content\/uploads\/2019\/03\/c_regine_schoettl_0611.jpg\" data-caption=\"Duisitzkarsee in den Schladminger Tauern\" rel=\"noreferrer\" data-rel=\"iLightbox[gallery_image_1]\" class=\"fusion-lightbox\" target=\"_self\"><img decoding=\"async\" src=\"http:\/\/pixelworker.com\/wordpress\/wp-content\/uploads\/2019\/03\/c_regine_schoettl_0611.jpg\" width=\"1402\" height=\"1500\" alt=\"Duisitzkarsee in den Schladminger Tauern\" title=\"Duisitzkarsee in den Schladminger Tauern\" aria-label=\"Duisitzkarsee in den Schladminger Tauern\" class=\"img-responsive wp-image-1938\" srcset=\"http:\/\/pixelworker.com\/wordpress\/wp-content\/uploads\/2019\/03\/c_regine_schoettl_0611-200x214.jpg 200w, http:\/\/pixelworker.com\/wordpress\/wp-content\/uploads\/2019\/03\/c_regine_schoettl_0611-400x428.jpg 400w, http:\/\/pixelworker.com\/wordpress\/wp-content\/uploads\/2019\/03\/c_regine_schoettl_0611-600x642.jpg 600w, http:\/\/pixelworker.com\/wordpress\/wp-content\/uploads\/2019\/03\/c_regine_schoettl_0611-800x856.jpg 800w, http:\/\/pixelworker.com\/wordpress\/wp-content\/uploads\/2019\/03\/c_regine_schoettl_0611-1200x1284.jpg 1200w, http:\/\/pixelworker.com\/wordpress\/wp-content\/uploads\/2019\/03\/c_regine_schoettl_0611.jpg 1402w\" sizes=\"(min-width: 2200px) 100vw, (min-width: 784px) 430px, (min-width: 712px) 645px, (min-width: 640px) 712px, \" \/><\/a><\/div><\/div><div class=\"clearfix\"><\/div><div style=\"padding:5px;\" class=\"fusion-grid-column fusion-gallery-column fusion-gallery-column-3 hover-type-none\"><div class=\"fusion-gallery-image\"><a href=\"http:\/\/pixelworker.com\/wordpress\/wp-content\/uploads\/2019\/03\/c_regine_schoettl_8754.jpg\" data-caption=\"Grazer Uhrturm\" rel=\"noreferrer\" data-rel=\"iLightbox[gallery_image_1]\" class=\"fusion-lightbox\" target=\"_self\"><img decoding=\"async\" src=\"http:\/\/pixelworker.com\/wordpress\/wp-content\/uploads\/2019\/03\/c_regine_schoettl_8754.jpg\" width=\"1500\" height=\"1000\" alt=\"Grazer Uhrturm\" title=\"Grazer Uhrturm\" aria-label=\"Grazer Uhrturm\" class=\"img-responsive wp-image-1953\" srcset=\"http:\/\/pixelworker.com\/wordpress\/wp-content\/uploads\/2019\/03\/c_regine_schoettl_8754-200x133.jpg 200w, http:\/\/pixelworker.com\/wordpress\/wp-content\/uploads\/2019\/03\/c_regine_schoettl_8754-400x267.jpg 400w, http:\/\/pixelworker.com\/wordpress\/wp-content\/uploads\/2019\/03\/c_regine_schoettl_8754-600x400.jpg 600w, http:\/\/pixelworker.com\/wordpress\/wp-content\/uploads\/2019\/03\/c_regine_schoettl_8754-800x533.jpg 800w, http:\/\/pixelworker.com\/wordpress\/wp-content\/uploads\/2019\/03\/c_regine_schoettl_8754-1200x800.jpg 1200w, http:\/\/pixelworker.com\/wordpress\/wp-content\/uploads\/2019\/03\/c_regine_schoettl_8754.jpg 1500w\" sizes=\"(min-width: 2200px) 100vw, (min-width: 784px) 430px, (min-width: 712px) 645px, (min-width: 640px) 712px, \" \/><\/a><\/div><\/div><div style=\"padding:5px;\" class=\"fusion-grid-column fusion-gallery-column fusion-gallery-column-3 hover-type-none\"><div class=\"fusion-gallery-image\"><a href=\"http:\/\/pixelworker.com\/wordpress\/wp-content\/uploads\/2019\/03\/c_regine_schoettl_hochgrail.jpg\" data-caption=\"Weinberge, Hochgrail, Steiermark\" rel=\"noreferrer\" data-rel=\"iLightbox[gallery_image_1]\" class=\"fusion-lightbox\" target=\"_self\"><img decoding=\"async\" src=\"http:\/\/pixelworker.com\/wordpress\/wp-content\/uploads\/2019\/03\/c_regine_schoettl_hochgrail.jpg\" width=\"1500\" height=\"1605\" alt=\"\" title=\"Weinberge, Hochgrail, Steiermark\" aria-label=\"Weinberge, Hochgrail, Steiermark\" class=\"img-responsive wp-image-2049\" srcset=\"http:\/\/pixelworker.com\/wordpress\/wp-content\/uploads\/2019\/03\/c_regine_schoettl_hochgrail-200x214.jpg 200w, http:\/\/pixelworker.com\/wordpress\/wp-content\/uploads\/2019\/03\/c_regine_schoettl_hochgrail-400x428.jpg 400w, http:\/\/pixelworker.com\/wordpress\/wp-content\/uploads\/2019\/03\/c_regine_schoettl_hochgrail-600x642.jpg 600w, http:\/\/pixelworker.com\/wordpress\/wp-content\/uploads\/2019\/03\/c_regine_schoettl_hochgrail-800x856.jpg 800w, http:\/\/pixelworker.com\/wordpress\/wp-content\/uploads\/2019\/03\/c_regine_schoettl_hochgrail-1200x1284.jpg 1200w, http:\/\/pixelworker.com\/wordpress\/wp-content\/uploads\/2019\/03\/c_regine_schoettl_hochgrail.jpg 1500w\" sizes=\"(min-width: 2200px) 100vw, (min-width: 784px) 430px, (min-width: 712px) 645px, (min-width: 640px) 712px, \" \/><\/a><\/div><\/div><div style=\"padding:5px;\" class=\"fusion-grid-column fusion-gallery-column fusion-gallery-column-3 hover-type-none\"><div class=\"fusion-gallery-image\"><a href=\"http:\/\/pixelworker.com\/wordpress\/wp-content\/uploads\/2019\/03\/c_regine_schoettl_0105.jpg\" data-caption=\"Grimming und Schloss Trautenfels\" rel=\"noreferrer\" data-rel=\"iLightbox[gallery_image_1]\" class=\"fusion-lightbox\" target=\"_self\"><img decoding=\"async\" src=\"http:\/\/pixelworker.com\/wordpress\/wp-content\/uploads\/2019\/03\/c_regine_schoettl_0105.jpg\" width=\"1500\" height=\"1000\" alt=\"Grimming und Schloss Trautenfels\" title=\"Grimming und Schloss Trautenfels\" aria-label=\"Grimming und Schloss Trautenfels\" class=\"img-responsive wp-image-1934\" srcset=\"http:\/\/pixelworker.com\/wordpress\/wp-content\/uploads\/2019\/03\/c_regine_schoettl_0105-200x133.jpg 200w, http:\/\/pixelworker.com\/wordpress\/wp-content\/uploads\/2019\/03\/c_regine_schoettl_0105-400x267.jpg 400w, http:\/\/pixelworker.com\/wordpress\/wp-content\/uploads\/2019\/03\/c_regine_schoettl_0105-600x400.jpg 600w, http:\/\/pixelworker.com\/wordpress\/wp-content\/uploads\/2019\/03\/c_regine_schoettl_0105-800x533.jpg 800w, http:\/\/pixelworker.com\/wordpress\/wp-content\/uploads\/2019\/03\/c_regine_schoettl_0105-1200x800.jpg 1200w, http:\/\/pixelworker.com\/wordpress\/wp-content\/uploads\/2019\/03\/c_regine_schoettl_0105.jpg 1500w\" sizes=\"(min-width: 2200px) 100vw, (min-width: 784px) 430px, (min-width: 712px) 645px, (min-width: 640px) 712px, \" \/><\/a><\/div><\/div><div class=\"clearfix\"><\/div><\/div><\/div><div class=\"fusion-sep-clear\"><\/div><div class=\"fusion-separator fusion-full-width-sep\" style=\"margin-left: auto;margin-right: auto;margin-top:7px;width:100%;\"><\/div><div class=\"fusion-sep-clear\"><\/div><div class=\"fusion-text fusion-text-2\"><p style=\"text-align: right;\">Fotos im Auftrag des ORF f\u00fcr die Bildb\u00e4nde &#8222;9 Pl\u00e4tze &#8211; 9 Sch\u00e4tze&#8220; 2015 &#8211; 2022<\/p>\n<\/div><div class=\"fusion-clearfix\"><\/div><\/div><\/div><\/div><\/div><\/p>\n","protected":false},"excerpt":{"rendered":"","protected":false},"author":1,"featured_media":1470,"menu_order":0,"comment_status":"closed","ping_status":"closed","template":"","format":"standard","meta":[],"portfolio_category":[51],"portfolio_skills":[],"portfolio_tags":[],"_links":{"self":[{"href":"http:\/\/pixelworker.com\/wordpress\/wp-json\/wp\/v2\/avada_portfolio\/1469"}],"collection":[{"href":"http:\/\/pixelworker.com\/wordpress\/wp-json\/wp\/v2\/avada_portfolio"}],"about":[{"href":"http:\/\/pixelworker.com\/wordpress\/wp-json\/wp\/v2\/types\/avada_portfolio"}],"author":[{"embeddable":true,"href":"http:\/\/pixelworker.com\/wordpress\/wp-json\/wp\/v2\/users\/1"}],"replies":[{"embeddable":true,"href":"http:\/\/pixelworker.com\/wordpress\/wp-json\/wp\/v2\/comments?post=1469"}],"version-history":[{"count":32,"href":"http:\/\/pixelworker.com\/wordpress\/wp-json\/wp\/v2\/avada_portfolio\/1469\/revisions"}],"predecessor-version":[{"id":2200,"href":"http:\/\/pixelworker.com\/wordpress\/wp-json\/wp\/v2\/avada_portfolio\/1469\/revisions\/2200"}],"wp:featuredmedia":[{"embeddable":true,"href":"http:\/\/pixelworker.com\/wordpress\/wp-json\/wp\/v2\/media\/1470"}],"wp:attachment":[{"href":"http:\/\/pixelworker.com\/wordpress\/wp-json\/wp\/v2\/media?parent=1469"}],"wp:term":[{"taxonomy":"portfolio_category","embeddable":true,"href":"http:\/\/pixelworker.com\/wordpress\/wp-json\/wp\/v2\/portfolio_category?post=1469"},{"taxonomy":"portfolio_skills","embeddable":true,"href":"http:\/\/pixelworker.com\/wordpress\/wp-json\/wp\/v2\/portfolio_skills?post=1469"},{"taxonomy":"portfolio_tags","embeddable":true,"href":"http:\/\/pixelworker.com\/wordpress\/wp-json\/wp\/v2\/portfolio_tags?post=1469"}],"curies":[{"name":"wp","href":"https:\/\/api.w.org\/{rel}","templated":true}]}}